{"version":"1.0","provider_name":"Origens \/ Or\u00edgenes","provider_url":"https:\/\/origens.org\/es\/","author_name":"ACES Educaci\u00f3n","author_url":"https:\/\/origens.org\/es\/author\/aceseducacion\/","title":"Semana de la Creaci\u00f3n (Nivel Primario y Secundario) - Origens \/ Or\u00edgenes","type":"rich","width":600,"height":338,"html":"<blockquote class=\"wp-embedded-content\" data-secret=\"bllhkV5oaG\"><a href=\"https:\/\/origens.org\/es\/semana-de-la-creacion-nivel-primario-y-secundario\/\">Semana de la Creaci\u00f3n (Nivel Primario y Secundario)<\/a><\/blockquote><iframe sandbox=\"allow-scripts\" security=\"restricted\" src=\"https:\/\/origens.org\/es\/semana-de-la-creacion-nivel-primario-y-secundario\/embed\/#?secret=bllhkV5oaG\" width=\"600\" height=\"338\" title=\"&#8220;Semana de la Creaci\u00f3n (Nivel Primario y Secundario)&#8221; &#8212; Origens \/ Or\u00edgenes\" data-secret=\"bllhkV5oaG\" frameborder=\"0\" marginwidth=\"0\" marginheight=\"0\" scrolling=\"no\" class=\"wp-embedded-content\"><\/iframe><script type=\"text\/javascript\">\n\/* <![CDATA[ *\/\n\/*! This file is auto-generated *\/\n!function(d,l){\"use strict\";l.querySelector&&d.addEventListener&&\"undefined\"!=typeof URL&&(d.wp=d.wp||{},d.wp.receiveEmbedMessage||(d.wp.receiveEmbedMessage=function(e){var t=e.data;if((t||t.secret||t.message||t.value)&&!\/[^a-zA-Z0-9]\/.test(t.secret)){for(var s,r,n,a=l.querySelectorAll('iframe[data-secret=\"'+t.secret+'\"]'),o=l.querySelectorAll('blockquote[data-secret=\"'+t.secret+'\"]'),c=new RegExp(\"^https?:$\",\"i\"),i=0;i<o.length;i++)o[i].style.display=\"none\";for(i=0;i<a.length;i++)s=a[i],e.source===s.contentWindow&&(s.removeAttribute(\"style\"),\"height\"===t.message?(1e3<(r=parseInt(t.value,10))?r=1e3:~~r<200&&(r=200),s.height=r):\"link\"===t.message&&(r=new URL(s.getAttribute(\"src\")),n=new URL(t.value),c.test(n.protocol))&&n.host===r.host&&l.activeElement===s&&(d.top.location.href=t.value))}},d.addEventListener(\"message\",d.wp.receiveEmbedMessage,!1),l.addEventListener(\"DOMContentLoaded\",function(){for(var e,t,s=l.querySelectorAll(\"iframe.wp-embedded-content\"),r=0;r<s.length;r++)(t=(e=s[r]).getAttribute(\"data-secret\"))||(t=Math.random().toString(36).substring(2,12),e.src+=\"#?secret=\"+t,e.setAttribute(\"data-secret\",t)),e.contentWindow.postMessage({message:\"ready\",secret:t},\"*\")},!1)))}(window,document);\n\/* ]]> *\/\n<\/script>\n","description":"[vc_row][vc_column][vc_single_image image=&#8221;8671&#8243; img_size=&#8221;full&#8221; alignment=&#8221;center&#8221; css=&#8221;&#8221;][vc_empty_space][vc_column_text]La Semana de la Creaci\u00f3n es una iniciativa del Departamento de Educaci\u00f3n Adventista (EA) de la Divisi\u00f3n Sudamericana (DSA) para todas las instituciones educativas desde Nivel Inicial hasta Nivel Universitario. Se celebra una vez por a\u00f1o, en coincidencia con el S\u00e1bado de la Creaci\u00f3n. Cada d\u00eda..."}